{"id":2797,"date":"2024-02-06T18:59:16","date_gmt":"2024-02-06T17:59:16","guid":{"rendered":"https:\/\/hotelambient.hu\/?page_id=2797"},"modified":"2024-03-13T22:49:33","modified_gmt":"2024-03-13T21:49:33","slug":"ambient-husvet-2","status":"publish","type":"page","link":"https:\/\/hotelambient.hu\/en\/ajanlataink\/ambient-husvet-2\/","title":{"rendered":"Ambient Easter"},"content":{"rendered":"<div data-elementor-type=\"wp-page\" data-elementor-id=\"2797\" class=\"elementor elementor-2797\" data-elementor-post-type=\"page\">\n\t\t\t\t<div class=\"elementor-element elementor-element-504ed5a e-con-full e-flex e-con e-parent\" data-id=\"504ed5a\" data-element_type=\"container\" data-e-type=\"container\">\n\t\t<div class=\"elementor-element elementor-element-f474094 e-con-full e-flex e-con e-child\" data-id=\"f474094\" data-element_type=\"container\" data-e-type=\"container\" data-settings=\"{&quot;background_background&quot;:&quot;classic&quot;}\">\n\t\t\t\t<div class=\"elementor-element elementor-element-2148251 elementor-widget elementor-widget-image\" data-id=\"2148251\" data-element_type=\"widget\" data-e-type=\"widget\" data-widget_type=\"image.default\">\n\t\t\t\t<div class=\"elementor-widget-container\">\n\t\t\t\t\t\t\t\t\t\t\t\t\t\t\t<img fetchpriority=\"high\" decoding=\"async\" width=\"800\" height=\"800\" src=\"https:\/\/hotelambient.hu\/wp-content\/uploads\/2024\/03\/ambient-husvet-1024x1024.webp\" class=\"attachment-large size-large wp-image-2980\" alt=\"\" srcset=\"https:\/\/hotelambient.hu\/wp-content\/uploads\/2024\/03\/ambient-husvet-1024x1024.webp 1024w, https:\/\/hotelambient.hu\/wp-content\/uploads\/2024\/03\/ambient-husvet-300x300.webp 300w, https:\/\/hotelambient.hu\/wp-content\/uploads\/2024\/03\/ambient-husvet-150x150.webp 150w, https:\/\/hotelambient.hu\/wp-content\/uploads\/2024\/03\/ambient-husvet-768x768.webp 768w, https:\/\/hotelambient.hu\/wp-content\/uploads\/2024\/03\/ambient-husvet-12x12.webp 12w, https:\/\/hotelambient.hu\/wp-content\/uploads\/2024\/03\/ambient-husvet.webp 1200w\" sizes=\"(max-width: 800px) 100vw, 800px\" \/>\t\t\t\t\t\t\t\t\t\t\t\t\t\t\t<\/div>\n\t\t\t\t<\/div>\n\t\t\t\t<\/div>\n\t\t<div class=\"elementor-element elementor-element-45cb386 e-con-full e-flex e-con e-child\" data-id=\"45cb386\" data-element_type=\"container\" data-e-type=\"container\">\n\t\t\t\t<div class=\"elementor-element elementor-element-3766e4a elementor-widget elementor-widget-heading\" data-id=\"3766e4a\" data-element_type=\"widget\" data-e-type=\"widget\" data-widget_type=\"heading.default\">\n\t\t\t\t<div class=\"elementor-widget-container\">\n\t\t\t\t\t<h2 class=\"elementor-heading-title elementor-size-default\">Ambient Easter<\/h2>\t\t\t\t<\/div>\n\t\t\t\t<\/div>\n\t\t\t\t<div class=\"elementor-element elementor-element-cbd20f7 elementor-widget elementor-widget-text-editor\" data-id=\"cbd20f7\" data-element_type=\"widget\" data-e-type=\"widget\" data-widget_type=\"text-editor.default\">\n\t\t\t\t<div class=\"elementor-widget-container\">\n\t\t\t\t\t\t\t\t\t<p>\u00a0<\/p><h2>Our Easter programme<\/h2><p class=\"translation-block\">A colourful <strong>programme<\/strong> for the Easter weekend in <strong>Sikonda:<\/strong><\/p><ul><li>Saturday\u00a0<strong>three dates<\/strong>\u00a0Easter\u00a0<strong>sauna toppings<\/strong>\u00a0can participate in the\u00a0<strong>for uploading<\/strong>\u00a0those who wish to. A\u00a0<strong>for programmes<\/strong>\u00a0and for details\u00a0<strong>Click to visit\u00a0<a href=\"https:\/\/ambient.accenthotels.com\/hu\/wellness\/szaunafelontesek\" target=\"_blank\" rel=\"noopener\">here!<\/a><\/strong><\/li><li>After the sauna programmes in the evening\u00a0<strong>from 17:30<\/strong>\u00a0soft\u00a0<strong>melodies<\/strong>\u00a0are spoken\u00a0<strong>Anti Boros and M\u00e1ri\u00f3 Farkas jazz guitar duo<\/strong>\u00a0by.<\/li><li>Easter\u00a0<strong>gingerbread preparation<\/strong>\u00a0to the rooms<\/li><li>30 March in the morning\u00a0<strong>craft fair<\/strong>\u00a0in the lobby<\/li><li>Easter breakfast<\/li><\/ul><p><strong>Our family programmes\u00a0<\/strong>with children<strong>\u00a0<\/strong>Coming from<strong>\u00a0<\/strong>for our guests:<\/p><ul><li><strong>From 29 March to 6 April, our animator<\/strong>\u00a0all day\u00a0<strong>with programmes<\/strong>\u00a0for young and old:\u00a0<strong>crafts, bunny bingo, egg painting,<\/strong>\u00a0and many, many more\u00a0<strong>with surprise<\/strong>\u00a0is being made.<\/li><li><strong>Programme guide<\/strong>\u00a0for families:\u00a0<a href=\"https:\/\/ambient.accenthotels.com\/hu\/felfedezes\/del-dunantuli-vartura\" target=\"_blank\" rel=\"noopener\"><strong>boat trips<\/strong><\/a>\u00a0in the neighbourhood, Abaligeti\u00a0<a href=\"https:\/\/www.abaliget.hu\/turisztika\/denever-muzeum\/\" target=\"_blank\" rel=\"noopener\"><strong>Bat Museum<\/strong><\/a>,\u00a0<strong><a href=\"https:\/\/www.zsolnaynegyed.hu\/\" target=\"_blank\" rel=\"noopener\">Zsolnay Quarter<\/a>,<\/strong>\u00a0<a href=\"http:\/\/www.mecsextrem.hu\/\" target=\"_blank\" rel=\"noopener\"><strong>Mecsextr\u00e9m<\/strong>\u00a0<strong>Park<\/strong><\/a>,\u00a0<a href=\"https:\/\/mecsekerdo.hu\/okoturizmus\/mecsek-discovery-center\/\">Mecsek Discovery<\/a>, P\u00e9csi\u00a0<a href=\"https:\/\/pecszoo.hu\/\" target=\"_blank\" rel=\"noopener\"><strong>Zoo<\/strong><\/a><strong>, Minizoo in Hops<\/strong><\/li><\/ul>\t\t\t\t\t\t\t\t<\/div>\n\t\t\t\t<\/div>\n\t\t<div class=\"elementor-element elementor-element-c3fba7b e-con-full e-flex e-con e-child\" data-id=\"c3fba7b\" data-element_type=\"container\" data-e-type=\"container\">\n\t\t\t\t<div class=\"elementor-element elementor-element-b96bda8 elementor-align-center elementor-widget elementor-widget-button\" data-id=\"b96bda8\" data-element_type=\"widget\" data-e-type=\"widget\" data-widget_type=\"button.default\">\n\t\t\t\t<div class=\"elementor-widget-container\">\n\t\t\t\t\t\t\t\t\t<div class=\"elementor-button-wrapper\">\n\t\t\t\t\t<a class=\"elementor-button elementor-button-link elementor-size-sm\" href=\"https:\/\/hotelambient.hu\/en\/foglalas\/\">\n\t\t\t\t\t\t<span class=\"elementor-button-content-wrapper\">\n\t\t\t\t\t\t\t\t\t<span class=\"elementor-button-text\">book a room<\/span>\n\t\t\t\t\t<\/span>\n\t\t\t\t\t<\/a>\n\t\t\t\t<\/div>\n\t\t\t\t\t\t\t\t<\/div>\n\t\t\t\t<\/div>\n\t\t\t\t<div class=\"elementor-element elementor-element-93cb8d6 elementor-align-left elementor-widget elementor-widget-button\" data-id=\"93cb8d6\" data-element_type=\"widget\" data-e-type=\"widget\" data-widget_type=\"button.default\">\n\t\t\t\t<div class=\"elementor-widget-container\">\n\t\t\t\t\t\t\t\t\t<div class=\"elementor-button-wrapper\">\n\t\t\t\t\t<a class=\"elementor-button elementor-button-link elementor-size-sm\" href=\"#elementor-action%3Aaction%3Dpopup%3Aopen%26settings%3DeyJpZCI6IjMwNyIsInRvZ2dsZSI6ZmFsc2V9\">\n\t\t\t\t\t\t<span class=\"elementor-button-content-wrapper\">\n\t\t\t\t\t\t<span class=\"elementor-button-icon\">\n\t\t\t\t<svg xmlns=\"http:\/\/www.w3.org\/2000\/svg\" width=\"16\" height=\"16\" viewbox=\"0 0 16 16\" fill=\"none\"><circle cx=\"8\" cy=\"8\" r=\"6.5\" stroke=\"black\" stroke-opacity=\"0.54\"><\/circle><path d=\"M7 4.93204C7 4.64725 7.09061 4.42071 7.27184 4.25243C7.46602 4.08414 7.71197 4 8.00971 4C8.30744 4 8.54693 4.08414 8.72816 4.25243C8.90939 4.42071 9 4.64725 9 4.93204C9 5.20388 8.90939 5.42395 8.72816 5.59223C8.54693 5.76052 8.30744 5.84466 8.00971 5.84466C7.71197 5.84466 7.46602 5.76052 7.27184 5.59223C7.09061 5.42395 7 5.20388 7 4.93204ZM8.68932 7V12H7.31068V7H8.68932Z\" fill=\"black\" fill-opacity=\"0.54\"><\/path><\/svg>\t\t\t<\/span>\n\t\t\t\t\t\t\t\t\t<span class=\"elementor-button-text\">booking conditions<\/span>\n\t\t\t\t\t<\/span>\n\t\t\t\t\t<\/a>\n\t\t\t\t<\/div>\n\t\t\t\t\t\t\t\t<\/div>\n\t\t\t\t<\/div>\n\t\t\t\t<\/div>\n\t\t\t\t<\/div>\n\t\t\t\t<\/div>\n\t\t\t\t<\/div>","protected":false},"excerpt":{"rendered":"<p>\u00a0 H\u00fasv\u00e9ti programk\u00edn\u00e1latunk Sz\u00ednes\u00a0programokkal\u00a0telik a h\u00fasv\u00e9ti h\u00e9tv\u00e9ge\u00a0Sikond\u00e1n: Szombaton\u00a0h\u00e1rom id\u0151pontban\u00a0h\u00fasv\u00e9ti\u00a0szaunafel\u00f6nt\u00e9seken\u00a0vehetnek r\u00e9szt\u00a0a\u00a0felt\u00f6lt\u0151d\u00e9sre\u00a0v\u00e1gy\u00f3k. A\u00a0programok\u00e9rt\u00a0\u00e9s a r\u00e9szletek\u00e9rt\u00a0kattints\u00a0ide! A szaunaprogramokat k\u00f6vet\u0151en este\u00a017:30-t\u00f3l\u00a0l\u00e1gy\u00a0dallamok\u00a0sz\u00f3lalnak meg\u00a0Boros Anti \u00e9s Farkas M\u00e1ri\u00f3 jazz git\u00e1r du\u00f3ja\u00a0\u00e1ltal. H\u00fasv\u00e9ti\u00a0m\u00e9zeskal\u00e1cs bek\u00e9sz\u00edt\u00e9s\u00a0a szob\u00e1kba M\u00e1rcius 30. d\u00e9lel\u0151tt\u00a0k\u00e9zm\u0171ves v\u00e1s\u00e1r\u00a0a lobby-ban H\u00fasv\u00e9ti reggeli Csal\u00e1di programjaink\u00a0gyermekkel\u00a0\u00e9rkez\u0151\u00a0vend\u00e9geinknek: M\u00e1rcius 29-t\u0151l \u00e1prilis 6-ig anim\u00e1torunk\u00a0eg\u00e9sz napos\u00a0programokkal\u00a0v\u00e1rja a kicsiket \u00e9s nagyokat:\u00a0k\u00e9zm\u0171vesked\u00e9s, nyuszi bing\u00f3, toj\u00e1sfest\u00e9s,\u00a0\u00e9s m\u00e9g sok-sok\u00a0meglepet\u00e9ssel\u00a0k\u00e9sz\u00fcl. Programaj\u00e1nl\u00f3\u00a0csal\u00e1doknak:\u00a0v\u00e1rt\u00far\u00e1k\u00a0a k\u00f6rny\u00e9ken, Abaligeti\u00a0Denev\u00e9rm\u00fazeum,\u00a0Zsolnay [&hellip;]<\/p>\n","protected":false},"author":8,"featured_media":0,"parent":274,"menu_order":0,"comment_status":"closed","ping_status":"closed","template":"","meta":{"footnotes":""},"class_list":["post-2797","page","type-page","status-publish","hentry"],"yoast_head":"<!-- This site is optimized with the Yoast SEO plugin v27.4 - https:\/\/yoast.com\/product\/yoast-seo-wordpress\/ -->\n<title>Ambient h\u00fasv\u00e9t - Hotel Ambient<\/title>\n<meta name=\"robots\" content=\"index, follow, max-snippet:-1, max-image-preview:large, max-video-preview:-1\" \/>\n<link rel=\"canonical\" href=\"https:\/\/hotelambient.hu\/en\/our-schedules\/ambient-husvet-2\/\" \/>\n<meta property=\"og:locale\" content=\"en_GB\" \/>\n<meta property=\"og:type\" content=\"article\" \/>\n<meta property=\"og:title\" content=\"Ambient h\u00fasv\u00e9t - Hotel Ambient\" \/>\n<meta property=\"og:description\" content=\"\u00a0 H\u00fasv\u00e9ti programk\u00edn\u00e1latunk Sz\u00ednes\u00a0programokkal\u00a0telik a h\u00fasv\u00e9ti h\u00e9tv\u00e9ge\u00a0Sikond\u00e1n: Szombaton\u00a0h\u00e1rom id\u0151pontban\u00a0h\u00fasv\u00e9ti\u00a0szaunafel\u00f6nt\u00e9seken\u00a0vehetnek r\u00e9szt\u00a0a\u00a0felt\u00f6lt\u0151d\u00e9sre\u00a0v\u00e1gy\u00f3k. A\u00a0programok\u00e9rt\u00a0\u00e9s a r\u00e9szletek\u00e9rt\u00a0kattints\u00a0ide! A szaunaprogramokat k\u00f6vet\u0151en este\u00a017:30-t\u00f3l\u00a0l\u00e1gy\u00a0dallamok\u00a0sz\u00f3lalnak meg\u00a0Boros Anti \u00e9s Farkas M\u00e1ri\u00f3 jazz git\u00e1r du\u00f3ja\u00a0\u00e1ltal. H\u00fasv\u00e9ti\u00a0m\u00e9zeskal\u00e1cs bek\u00e9sz\u00edt\u00e9s\u00a0a szob\u00e1kba M\u00e1rcius 30. d\u00e9lel\u0151tt\u00a0k\u00e9zm\u0171ves v\u00e1s\u00e1r\u00a0a lobby-ban H\u00fasv\u00e9ti reggeli Csal\u00e1di programjaink\u00a0gyermekkel\u00a0\u00e9rkez\u0151\u00a0vend\u00e9geinknek: M\u00e1rcius 29-t\u0151l \u00e1prilis 6-ig anim\u00e1torunk\u00a0eg\u00e9sz napos\u00a0programokkal\u00a0v\u00e1rja a kicsiket \u00e9s nagyokat:\u00a0k\u00e9zm\u0171vesked\u00e9s, nyuszi bing\u00f3, toj\u00e1sfest\u00e9s,\u00a0\u00e9s m\u00e9g sok-sok\u00a0meglepet\u00e9ssel\u00a0k\u00e9sz\u00fcl. Programaj\u00e1nl\u00f3\u00a0csal\u00e1doknak:\u00a0v\u00e1rt\u00far\u00e1k\u00a0a k\u00f6rny\u00e9ken, Abaligeti\u00a0Denev\u00e9rm\u00fazeum,\u00a0Zsolnay [&hellip;]\" \/>\n<meta property=\"og:url\" content=\"https:\/\/hotelambient.hu\/en\/our-schedules\/ambient-husvet-2\/\" \/>\n<meta property=\"og:site_name\" content=\"Hotel Ambient\" \/>\n<meta property=\"article:modified_time\" content=\"2024-03-13T21:49:33+00:00\" \/>\n<meta property=\"og:image\" content=\"https:\/\/hotelambient.hu\/wp-content\/uploads\/2024\/03\/ambient-husvet-1024x1024.webp\" \/>\n<meta name=\"twitter:card\" content=\"summary_large_image\" \/>\n<meta name=\"twitter:label1\" content=\"Estimated reading time\" \/>\n\t<meta name=\"twitter:data1\" content=\"1 minute\" \/>\n<script type=\"application\/ld+json\" class=\"yoast-schema-graph\">{\"@context\":\"https:\\\/\\\/schema.org\",\"@graph\":[{\"@type\":\"WebPage\",\"@id\":\"https:\\\/\\\/hotelambient.hu\\\/ajanlataink\\\/ambient-husvet-2\\\/\",\"url\":\"https:\\\/\\\/hotelambient.hu\\\/ajanlataink\\\/ambient-husvet-2\\\/\",\"name\":\"Ambient h\u00fasv\u00e9t - Hotel Ambient\",\"isPartOf\":{\"@id\":\"https:\\\/\\\/hotelambient.hu\\\/en\\\/#website\"},\"primaryImageOfPage\":{\"@id\":\"https:\\\/\\\/hotelambient.hu\\\/ajanlataink\\\/ambient-husvet-2\\\/#primaryimage\"},\"image\":{\"@id\":\"https:\\\/\\\/hotelambient.hu\\\/ajanlataink\\\/ambient-husvet-2\\\/#primaryimage\"},\"thumbnailUrl\":\"https:\\\/\\\/hotelambient.hu\\\/wp-content\\\/uploads\\\/2024\\\/03\\\/ambient-husvet-1024x1024.webp\",\"datePublished\":\"2024-02-06T17:59:16+00:00\",\"dateModified\":\"2024-03-13T21:49:33+00:00\",\"breadcrumb\":{\"@id\":\"https:\\\/\\\/hotelambient.hu\\\/ajanlataink\\\/ambient-husvet-2\\\/#breadcrumb\"},\"inLanguage\":\"en-GB\",\"potentialAction\":[{\"@type\":\"ReadAction\",\"target\":[\"https:\\\/\\\/hotelambient.hu\\\/ajanlataink\\\/ambient-husvet-2\\\/\"]}]},{\"@type\":\"ImageObject\",\"inLanguage\":\"en-GB\",\"@id\":\"https:\\\/\\\/hotelambient.hu\\\/ajanlataink\\\/ambient-husvet-2\\\/#primaryimage\",\"url\":\"https:\\\/\\\/hotelambient.hu\\\/wp-content\\\/uploads\\\/2024\\\/03\\\/ambient-husvet-1024x1024.webp\",\"contentUrl\":\"https:\\\/\\\/hotelambient.hu\\\/wp-content\\\/uploads\\\/2024\\\/03\\\/ambient-husvet-1024x1024.webp\"},{\"@type\":\"BreadcrumbList\",\"@id\":\"https:\\\/\\\/hotelambient.hu\\\/ajanlataink\\\/ambient-husvet-2\\\/#breadcrumb\",\"itemListElement\":[{\"@type\":\"ListItem\",\"position\":1,\"name\":\"Kezd\u0151lap\",\"item\":\"https:\\\/\\\/hotelambient.hu\\\/hu\\\/\"},{\"@type\":\"ListItem\",\"position\":2,\"name\":\"Aj\u00e1nlataink\",\"item\":\"https:\\\/\\\/hotelambient.hu\\\/ajanlataink\\\/\"},{\"@type\":\"ListItem\",\"position\":3,\"name\":\"Ambient h\u00fasv\u00e9t\"}]},{\"@type\":\"WebSite\",\"@id\":\"https:\\\/\\\/hotelambient.hu\\\/en\\\/#website\",\"url\":\"https:\\\/\\\/hotelambient.hu\\\/en\\\/\",\"name\":\"Hotel Ambient\",\"description\":\"Hotel Ambient\",\"publisher\":{\"@id\":\"https:\\\/\\\/hotelambient.hu\\\/en\\\/#organization\"},\"potentialAction\":[{\"@type\":\"SearchAction\",\"target\":{\"@type\":\"EntryPoint\",\"urlTemplate\":\"https:\\\/\\\/hotelambient.hu\\\/en\\\/?s={search_term_string}\"},\"query-input\":{\"@type\":\"PropertyValueSpecification\",\"valueRequired\":true,\"valueName\":\"search_term_string\"}}],\"inLanguage\":\"en-GB\"},{\"@type\":\"Organization\",\"@id\":\"https:\\\/\\\/hotelambient.hu\\\/en\\\/#organization\",\"name\":\"Hotel Ambient\",\"url\":\"https:\\\/\\\/hotelambient.hu\\\/en\\\/\",\"logo\":{\"@type\":\"ImageObject\",\"inLanguage\":\"en-GB\",\"@id\":\"https:\\\/\\\/hotelambient.hu\\\/en\\\/#\\\/schema\\\/logo\\\/image\\\/\",\"url\":\"https:\\\/\\\/hotelambient.hu\\\/wp-content\\\/uploads\\\/2023\\\/06\\\/cropped-Ambient_logo_fekete_transparent_bg.webp\",\"contentUrl\":\"https:\\\/\\\/hotelambient.hu\\\/wp-content\\\/uploads\\\/2023\\\/06\\\/cropped-Ambient_logo_fekete_transparent_bg.webp\",\"width\":512,\"height\":512,\"caption\":\"Hotel Ambient\"},\"image\":{\"@id\":\"https:\\\/\\\/hotelambient.hu\\\/en\\\/#\\\/schema\\\/logo\\\/image\\\/\"}}]}<\/script>\n<!-- \/ Yoast SEO plugin. -->","yoast_head_json":{"title":"Ambient Easter - Hotel Ambient","robots":{"index":"index","follow":"follow","max-snippet":"max-snippet:-1","max-image-preview":"max-image-preview:large","max-video-preview":"max-video-preview:-1"},"canonical":"https:\/\/hotelambient.hu\/en\/our-schedules\/ambient-husvet-2\/","og_locale":"en_GB","og_type":"article","og_title":"Ambient h\u00fasv\u00e9t - Hotel Ambient","og_description":"\u00a0 H\u00fasv\u00e9ti programk\u00edn\u00e1latunk Sz\u00ednes\u00a0programokkal\u00a0telik a h\u00fasv\u00e9ti h\u00e9tv\u00e9ge\u00a0Sikond\u00e1n: Szombaton\u00a0h\u00e1rom id\u0151pontban\u00a0h\u00fasv\u00e9ti\u00a0szaunafel\u00f6nt\u00e9seken\u00a0vehetnek r\u00e9szt\u00a0a\u00a0felt\u00f6lt\u0151d\u00e9sre\u00a0v\u00e1gy\u00f3k. A\u00a0programok\u00e9rt\u00a0\u00e9s a r\u00e9szletek\u00e9rt\u00a0kattints\u00a0ide! A szaunaprogramokat k\u00f6vet\u0151en este\u00a017:30-t\u00f3l\u00a0l\u00e1gy\u00a0dallamok\u00a0sz\u00f3lalnak meg\u00a0Boros Anti \u00e9s Farkas M\u00e1ri\u00f3 jazz git\u00e1r du\u00f3ja\u00a0\u00e1ltal. H\u00fasv\u00e9ti\u00a0m\u00e9zeskal\u00e1cs bek\u00e9sz\u00edt\u00e9s\u00a0a szob\u00e1kba M\u00e1rcius 30. d\u00e9lel\u0151tt\u00a0k\u00e9zm\u0171ves v\u00e1s\u00e1r\u00a0a lobby-ban H\u00fasv\u00e9ti reggeli Csal\u00e1di programjaink\u00a0gyermekkel\u00a0\u00e9rkez\u0151\u00a0vend\u00e9geinknek: M\u00e1rcius 29-t\u0151l \u00e1prilis 6-ig anim\u00e1torunk\u00a0eg\u00e9sz napos\u00a0programokkal\u00a0v\u00e1rja a kicsiket \u00e9s nagyokat:\u00a0k\u00e9zm\u0171vesked\u00e9s, nyuszi bing\u00f3, toj\u00e1sfest\u00e9s,\u00a0\u00e9s m\u00e9g sok-sok\u00a0meglepet\u00e9ssel\u00a0k\u00e9sz\u00fcl. Programaj\u00e1nl\u00f3\u00a0csal\u00e1doknak:\u00a0v\u00e1rt\u00far\u00e1k\u00a0a k\u00f6rny\u00e9ken, Abaligeti\u00a0Denev\u00e9rm\u00fazeum,\u00a0Zsolnay [&hellip;]","og_url":"https:\/\/hotelambient.hu\/en\/our-schedules\/ambient-husvet-2\/","og_site_name":"Hotel Ambient","article_modified_time":"2024-03-13T21:49:33+00:00","og_image":[{"url":"https:\/\/hotelambient.hu\/wp-content\/uploads\/2024\/03\/ambient-husvet-1024x1024.webp","type":"","width":"","height":""}],"twitter_card":"summary_large_image","twitter_misc":{"Estimated reading time":"1 minute"},"schema":{"@context":"https:\/\/schema.org","@graph":[{"@type":"WebPage","@id":"https:\/\/hotelambient.hu\/ajanlataink\/ambient-husvet-2\/","url":"https:\/\/hotelambient.hu\/ajanlataink\/ambient-husvet-2\/","name":"Ambient Easter - Hotel Ambient","isPartOf":{"@id":"https:\/\/hotelambient.hu\/en\/#website"},"primaryImageOfPage":{"@id":"https:\/\/hotelambient.hu\/ajanlataink\/ambient-husvet-2\/#primaryimage"},"image":{"@id":"https:\/\/hotelambient.hu\/ajanlataink\/ambient-husvet-2\/#primaryimage"},"thumbnailUrl":"https:\/\/hotelambient.hu\/wp-content\/uploads\/2024\/03\/ambient-husvet-1024x1024.webp","datePublished":"2024-02-06T17:59:16+00:00","dateModified":"2024-03-13T21:49:33+00:00","breadcrumb":{"@id":"https:\/\/hotelambient.hu\/ajanlataink\/ambient-husvet-2\/#breadcrumb"},"inLanguage":"en-GB","potentialAction":[{"@type":"ReadAction","target":["https:\/\/hotelambient.hu\/ajanlataink\/ambient-husvet-2\/"]}]},{"@type":"ImageObject","inLanguage":"en-GB","@id":"https:\/\/hotelambient.hu\/ajanlataink\/ambient-husvet-2\/#primaryimage","url":"https:\/\/hotelambient.hu\/wp-content\/uploads\/2024\/03\/ambient-husvet-1024x1024.webp","contentUrl":"https:\/\/hotelambient.hu\/wp-content\/uploads\/2024\/03\/ambient-husvet-1024x1024.webp"},{"@type":"BreadcrumbList","@id":"https:\/\/hotelambient.hu\/ajanlataink\/ambient-husvet-2\/#breadcrumb","itemListElement":[{"@type":"ListItem","position":1,"name":"Kezd\u0151lap","item":"https:\/\/hotelambient.hu\/hu\/"},{"@type":"ListItem","position":2,"name":"Aj\u00e1nlataink","item":"https:\/\/hotelambient.hu\/ajanlataink\/"},{"@type":"ListItem","position":3,"name":"Ambient h\u00fasv\u00e9t"}]},{"@type":"WebSite","@id":"https:\/\/hotelambient.hu\/en\/#website","url":"https:\/\/hotelambient.hu\/en\/","name":"Hotel Ambient","description":"Hotel Ambient","publisher":{"@id":"https:\/\/hotelambient.hu\/en\/#organization"},"potentialAction":[{"@type":"SearchAction","target":{"@type":"EntryPoint","urlTemplate":"https:\/\/hotelambient.hu\/en\/?s={search_term_string}"},"query-input":{"@type":"PropertyValueSpecification","valueRequired":true,"valueName":"search_term_string"}}],"inLanguage":"en-GB"},{"@type":"Organization","@id":"https:\/\/hotelambient.hu\/en\/#organization","name":"Hotel Ambient","url":"https:\/\/hotelambient.hu\/en\/","logo":{"@type":"ImageObject","inLanguage":"en-GB","@id":"https:\/\/hotelambient.hu\/en\/#\/schema\/logo\/image\/","url":"https:\/\/hotelambient.hu\/wp-content\/uploads\/2023\/06\/cropped-Ambient_logo_fekete_transparent_bg.webp","contentUrl":"https:\/\/hotelambient.hu\/wp-content\/uploads\/2023\/06\/cropped-Ambient_logo_fekete_transparent_bg.webp","width":512,"height":512,"caption":"Hotel Ambient"},"image":{"@id":"https:\/\/hotelambient.hu\/en\/#\/schema\/logo\/image\/"}}]}},"_links":{"self":[{"href":"https:\/\/hotelambient.hu\/en\/wp-json\/wp\/v2\/pages\/2797","targetHints":{"allow":["GET"]}}],"collection":[{"href":"https:\/\/hotelambient.hu\/en\/wp-json\/wp\/v2\/pages"}],"about":[{"href":"https:\/\/hotelambient.hu\/en\/wp-json\/wp\/v2\/types\/page"}],"author":[{"embeddable":true,"href":"https:\/\/hotelambient.hu\/en\/wp-json\/wp\/v2\/users\/8"}],"replies":[{"embeddable":true,"href":"https:\/\/hotelambient.hu\/en\/wp-json\/wp\/v2\/comments?post=2797"}],"version-history":[{"count":5,"href":"https:\/\/hotelambient.hu\/en\/wp-json\/wp\/v2\/pages\/2797\/revisions"}],"predecessor-version":[{"id":2989,"href":"https:\/\/hotelambient.hu\/en\/wp-json\/wp\/v2\/pages\/2797\/revisions\/2989"}],"up":[{"embeddable":true,"href":"https:\/\/hotelambient.hu\/en\/wp-json\/wp\/v2\/pages\/274"}],"wp:attachment":[{"href":"https:\/\/hotelambient.hu\/en\/wp-json\/wp\/v2\/media?parent=2797"}],"curies":[{"name":"wp","href":"https:\/\/api.w.org\/{rel}","templated":true}]}}